{"version":"1.0","provider_name":"\u00daj k\u00f6nyv \u00e9s film illata","provider_url":"https:\/\/ujkv.cafeblog.hu","author_name":"Anna Bajn\u00f3czi","author_url":"https:\/\/ujkv.cafeblog.hu\/author\/bajnocziancsafacebook-com\/","title":"H\u0151s\u00f6k n\u00e9lk\u00fcl jobb es\u00e9lyed van az \u00e9letben marad\u00e1sra- The Boys kritika","html":"<p><img class=\"alignnone size-medium wp-image-47\" src=\"https:\/\/ujkv.cafeblog.hu\/files\/2019\/08\/41d8dcb0e51d58bc62bc5b92a7767d6f-240x300.jpg\" alt=\"\" width=\"240\" height=\"300\" \/><\/p>\r\n<p><span style=\"color: #008000\">Boldog Amerika ahol a szuperh\u0151s\u00f6knek h\u00e1la b\u00e9ke \u00e9s biztons\u00e1g van. Ha az ember bajba ker\u00fcl azon nyomban a seg\u00edts\u00e9g\u00e9re sietnek. Tini koromban szinte rajong\u00f3 voltam, mindig izgatottan v\u00e1rtam az ac\u00e9lember \u00e9s p\u00f3kember filmeket. Alig v\u00e1rtam hogy a j\u00f3 megmentse a vil\u00e1got a gonoszt\u00f3l. A The Boys sorozat mind ennek az ellent\u00e9tte.<\/span>\u00a0<\/p>\r\n<p><span style=\"color: #008000\"><strong>A nyi<\/strong><strong>t\u00f3 jelenet<\/strong> sor\u00e1n megjelenik az er\u0151s f\u00e9rfi karakter, ki megmenti az \u00e1rtatlan emberek \u00e9let\u00e9t. M\u00e1r ekkor sejtet\u0151 esem\u00e9nyek veszik kezdet\u00fcket. A <em>h\u0151s szem\u00e9lyek t\u00falz\u00f3 \u00e9s gyan\u00fas viselked\u00e9se szinte azonnal<\/em> nyilv\u00e1nval\u00f3. A szerep mely egyben hatalmas felel\u0151s\u00e9gel j\u00e1r, egyben nagy hatalmat is ad. Pont ez az a fontos dolog amely miatt szeretem megn\u00e9zni a szuperh\u0151s filmeket, mert ott a csupa j\u00f3 emberi tulajdons\u00e1ggal voltak felruh\u00e1zva. A <strong>The Boys<\/strong> sorozat megmutatja a kegyetlen val\u00f3s\u00e1g\u00f3t, hogy nem minden szuper er\u0151vel rendelkez\u0151 j\u00f3tev\u0151 rendes. A m\u00e9lyen legbel\u00fcl oly gonoszs\u00e1g lakik benn\u00fck mely emberek \u00e9letekbe ker\u00fclhet.\u00a0<\/span><\/p>\r\n<p><span style=\"color: #008000\">Ez a nyolc r\u00e9szes sorozat pont ett\u0151l eredeti igaz\u00e1n. K\u00e9pes megmutatni a szuperh\u0151s\u00f6k negat\u00edv oldal\u00e1t \u00e9s vele j\u00e1r\u00f3 vesz\u00e9lyeket. Az a felsz\u00edn alatt megb\u00fav\u00f3 gonosz gondolatokat. Az er\u0151s szuper er\u0151vel rendelkez\u0151 szem\u00e9lyek kik m\u00e1r a <strong>t\u00falz\u00f3 \u00e9s barb\u00e1r viselked\u00e9s form\u00e1it<\/strong> bemutatj\u00e1k. Az \u00e1tlagos emberekre gyakorolt hat\u00e1sa, ennek r\u00e9szletes bemutat\u00e1sa.\u00a0<\/span><\/p>\r\n<p><span style=\"color: #008000\"> Homelander a hetek vezet\u0151jek\u00e9nt, elismert szuperh\u0151s ( a ruh\u00e1ja\u00a0 hasonl\u00f3 mint Superman\u00e9). Igazi veter\u00e1n m\u00e1r a szuper erej\u00e9vel, m\u00e9gis az szem\u00e9lyis\u00e9ge kett\u0151s\u00e9get rejt. Az emberek fel\u00e9 kedves \u00e9s udvarias, de a val\u00f3s\u00e1gban gonoszs\u00e1g \u00e1rad bel\u0151le. A saj\u00e1t c\u00e9ljain k\u00edv\u00fcl nem \u00e9rdekli senki sem. A saj\u00e1t hib\u00e1inak k\u00f6vetkezm\u00e9nyei pedig elker\u00fclhetetlenek. A vezet\u0151 poz\u00edci\u00f3ja, l\u00e9t font\u00f3s\u00e1g\u00fa a csapata sz\u00e1m\u00e1ra. M\u00e9gis a t\u00f6rt\u00e9net ell\u0151re haladt\u00e1val kezdenek megmutatkozni rajta az elveszetts\u00e9g jelei. A nagy jellem ki, kezd kifordulni \u00f6nmag\u00e1b\u00f3l.\u00a0<\/span><\/p>\r\n<p><span style=\"color: #008000\">A m\u00e1sik legfontosabb r\u00e9sz a l\u00e1zad\u00f3k kis csoportja. Ki az ifj\u00fa Hughie ki pont egy szuperh\u0151s miatt vesztette el bar\u00e1tn\u0151j\u00e9t, ennek k\u00f6vetkezt\u00e9ben csatlakozott a s\u00f6t\u00e9t alakokhoz. A szem\u00e9lyek kik mindent elk\u00f6vetnek annak \u00e9rdek\u00e9ben hogy kider\u00edts\u00e9k az igazat a szuperh\u0151s\u00f6k val\u00f3di vil\u00e1g\u00e1r\u00f3l. A rendszer mely p\u00e9ldak\u00e9pk\u00e9nt mutatja be a Hetek sz\u00f6vets\u00e9g\u00e9t, val\u00f3j\u00e1ban s\u00f6t\u00e9t titkokat rejt.\u00a0<\/span><\/p>\r\n<p><span style=\"color: #008000\">5\/5\u00a0<\/span><\/p>\r\n<p><span style=\"color: #008000\">\u00d6sszefoglal\u00e1s:<\/span><\/p>\r\n<p><span style=\"color: #008000\">Morbid jelentekben b\u0151velkedik a sorozat, m\u00e9gis \u00f6sszetett egys\u00e9ges t\u00f6rt\u00e9netet mutat be. A negat\u00edv r\u00e9szek jelent\u0151s szerepet kapnak benne, de m\u00e9gis ott van a j\u00f3sz\u00edv\u0171 h\u0151s is. M\u00e9gis a legfontosabb esem\u00e9nyek benne a h\u0151s \u00e1larc m\u00f6g\u00f6tti val\u00f3s\u00e1g\u00f3t mes\u00e9li. Ez az amit\u0151l igaz\u00e1n val\u00f3s\u00e1gos \u00e9s kegyetlen, melyben a fekete humor is l\u00e9nyeges r\u00e9szt kapott. Minden r\u00e9szn\u00e9l tud \u00e9lm\u00e9nyt adni a n\u00e9z\u0151k sz\u00e1m\u00e1ra. B\u00e1r akinek nem j\u00f6n a sok v\u00e9res r\u00e9sz az ink\u00e1bb ne n\u00e9zem bele. M\u00e9gis ez az izgalmas sorozat nem rejti el a v\u00e9res k\u00f6vetkezm\u00e9nyeket.\u00a0<\/span><\/p>\r\n<p><span style=\"color: #008000\">2019-ben a Brightburn: L\u00e1ngol\u00f3 fi\u00fa cim\u0171 filmet v\u00e1rtam a legjobban. Mikor m\u00e1r megl\u00e1ttam az el\u0151zetes tudtam hogy az anti szuperh\u0151s bemutat\u00e1sa nagy durran\u00e1s lehet. Minden adott volt hozz\u00e1, hogy a gonosz er\u0151s negat\u00edv karakter t\u00f6rt\u00e9net\u00e9t mutass\u00e1k be. Azonban a Brightburn csalod\u00e1s lett. A kev\u00e9s alap t\u00f6rt\u00e9net mell\u00e9 nem kapott kell\u0151 lend\u00fcletet a film. A kisz\u00e1mithat\u00f3 esem\u00e9nyek sorozata miatt nem volt meg benne az ellegend\u0151 var\u00e1zs.\u00a0<\/span><\/p>\r\n<p><span style=\"color: #008000\">2019.j\u00falius 26.-k\u00e1n jelent meg az Amazon jovolt\u00e1b\u00f3l. A bemutat\u00f3 el\u0151tt meg\u00fajitott\u00e1k a m\u00e1sodik \u00e9vadra. A sorozat 8 r\u00e9szb\u0151l \u00e1ll.\u00a0<\/span><\/p>\r\n<p style=\"text-align: right\"><strong>Bajn\u00f3czi Anna<\/strong><\/p>","type":"rich"}